{"id":1252,"date":"2024-09-23T17:13:10","date_gmt":"2024-09-23T15:13:10","guid":{"rendered":"https:\/\/granhotelcostadelsol.nubedev.es\/hotel-tout-compris-sur-la-costa-del-sol\/"},"modified":"2025-07-16T17:05:26","modified_gmt":"2025-07-16T15:05:26","slug":"hotel-tout-compris-sur-la-costa-del-sol","status":"publish","type":"page","link":"https:\/\/granhotelcostadelsol.com\/fr\/hotel-tout-compris-sur-la-costa-del-sol\/","title":{"rendered":"H\u00f4tel tout compris sur la Costa del Sol"},"content":{"rendered":"\n<p><\/p>\n\n<div class=\"wp-block-group alignfull is-style-section-full is-layout-constrained wp-block-group-is-layout-constrained\">\n<div class=\"wp-block-group is-style-section-container is-layout-constrained wp-block-group-is-layout-constrained\">\n<h2 class=\"wp-block-heading alignfull has-text-align-center is-style-heading-3 has-gh-dark-blue-color has-text-color has-link-color wp-elements-fc38710bc6d62aa0b0c2f9442caef0f0\"><mark style=\"background-color:rgba(0, 0, 0, 0)\" class=\"has-inline-color has-gh-yellow-color\">Service tout compris<\/mark> Gran hotel costa del sol<\/h2>\n\n\n\n<div class=\"wp-block-columns alignfull is-layout-flex wp-container-core-columns-is-layout-9d6595d7 wp-block-columns-is-layout-flex\">\n<div class=\"wp-block-column is-layout-flow wp-block-column-is-layout-flow\">\n<h3 class=\"wp-block-heading has-text-align-center is-style-heading-4 has-gh-dark-blue-color has-text-color has-link-color wp-elements-35065a0b88a7569b4161247d2647b12f\">Services<\/h3>\n\n\n\n<div class=\"wp-block-uagb-icon-list uagb-block-4acdf680\"><div class=\"uagb-icon-list__wrap\">\n<div class=\"wp-block-uagb-icon-list-child uagb-block-a4aac5d2\"><span class=\"uagb-icon-list__source-wrap\"><svg xmlns=\"https:\/\/www.w3.org\/2000\/svg\" viewbox=\"0 0 448 512\"><path d=\"M438.6 105.4C451.1 117.9 451.1 138.1 438.6 150.6L182.6 406.6C170.1 419.1 149.9 419.1 137.4 406.6L9.372 278.6C-3.124 266.1-3.124 245.9 9.372 233.4C21.87 220.9 42.13 220.9 54.63 233.4L159.1 338.7L393.4 105.4C405.9 92.88 426.1 92.88 438.6 105.4H438.6z\"><\/path><\/svg><\/span><span class=\"uagb-icon-list__label\">Eau, boissons non alcoolis\u00e9es, vins et bi\u00e8res maison (non compris dans la Terraza El Terral).<\/span><\/div>\n\n\n\n<div class=\"wp-block-uagb-icon-list-child uagb-block-75a7055c\"><span class=\"uagb-icon-list__source-wrap\"><svg xmlns=\"https:\/\/www.w3.org\/2000\/svg\" viewbox=\"0 0 448 512\"><path d=\"M438.6 105.4C451.1 117.9 451.1 138.1 438.6 150.6L182.6 406.6C170.1 419.1 149.9 419.1 137.4 406.6L9.372 278.6C-3.124 266.1-3.124 245.9 9.372 233.4C21.87 220.9 42.13 220.9 54.63 233.4L159.1 338.7L393.4 105.4C405.9 92.88 426.1 92.88 438.6 105.4H438.6z\"><\/path><\/svg><\/span><span class=\"uagb-icon-list__label\">Tous les repas et collations au <strong>restaurant buffet Mir\u00f3.<\/strong><\/span><\/div>\n\n\n\n<div class=\"wp-block-uagb-icon-list-child uagb-block-5e57aa74\"><span class=\"uagb-icon-list__source-wrap\"><svg xmlns=\"https:\/\/www.w3.org\/2000\/svg\" viewbox=\"0 0 448 512\"><path d=\"M438.6 105.4C451.1 117.9 451.1 138.1 438.6 150.6L182.6 406.6C170.1 419.1 149.9 419.1 137.4 406.6L9.372 278.6C-3.124 266.1-3.124 245.9 9.372 233.4C21.87 220.9 42.13 220.9 54.63 233.4L159.1 338.7L393.4 105.4C405.9 92.88 426.1 92.88 438.6 105.4H438.6z\"><\/path><\/svg><\/span><span class=\"uagb-icon-list__label\">Service de boissons alcoolis\u00e9es nationales et de cocktails maison<\/span><\/div>\n\n\n\n<div class=\"wp-block-uagb-icon-list-child uagb-block-52386887\"><span class=\"uagb-icon-list__source-wrap\"><svg xmlns=\"https:\/\/www.w3.org\/2000\/svg\" viewbox=\"0 0 448 512\"><path d=\"M438.6 105.4C451.1 117.9 451.1 138.1 438.6 150.6L182.6 406.6C170.1 419.1 149.9 419.1 137.4 406.6L9.372 278.6C-3.124 266.1-3.124 245.9 9.372 233.4C21.87 220.9 42.13 220.9 54.63 233.4L159.1 338.7L393.4 105.4C405.9 92.88 426.1 92.88 438.6 105.4H438.6z\"><\/path><\/svg><\/span><span class=\"uagb-icon-list__label\">Service de caf\u00e9, de th\u00e9 et d&rsquo;infusions<\/span><\/div>\n\n\n\n<div class=\"wp-block-uagb-icon-list-child uagb-block-aa40f92b\"><span class=\"uagb-icon-list__source-wrap\"><svg xmlns=\"https:\/\/www.w3.org\/2000\/svg\" viewbox=\"0 0 448 512\"><path d=\"M438.6 105.4C451.1 117.9 451.1 138.1 438.6 150.6L182.6 406.6C170.1 419.1 149.9 419.1 137.4 406.6L9.372 278.6C-3.124 266.1-3.124 245.9 9.372 233.4C21.87 220.9 42.13 220.9 54.63 233.4L159.1 338.7L393.4 105.4C405.9 92.88 426.1 92.88 438.6 105.4H438.6z\"><\/path><\/svg><\/span><span class=\"uagb-icon-list__label\">Service de serviettes de piscine (d\u00e9p\u00f4t)<\/span><\/div>\n\n\n\n<div class=\"wp-block-uagb-icon-list-child uagb-block-779561fb\"><span class=\"uagb-icon-list__source-wrap\"><svg xmlns=\"https:\/\/www.w3.org\/2000\/svg\" viewbox=\"0 0 448 512\"><path d=\"M438.6 105.4C451.1 117.9 451.1 138.1 438.6 150.6L182.6 406.6C170.1 419.1 149.9 419.1 137.4 406.6L9.372 278.6C-3.124 266.1-3.124 245.9 9.372 233.4C21.87 220.9 42.13 220.9 54.63 233.4L159.1 338.7L393.4 105.4C405.9 92.88 426.1 92.88 438.6 105.4H438.6z\"><\/path><\/svg><\/span><span class=\"uagb-icon-list__label\">Chaises longues gratuites dans l&rsquo;enceinte de la piscine<\/span><\/div>\n\n\n\n<div class=\"wp-block-uagb-icon-list-child uagb-block-8054fa9b\"><span class=\"uagb-icon-list__source-wrap\"><svg xmlns=\"https:\/\/www.w3.org\/2000\/svg\" viewbox=\"0 0 448 512\"><path d=\"M438.6 105.4C451.1 117.9 451.1 138.1 438.6 150.6L182.6 406.6C170.1 419.1 149.9 419.1 137.4 406.6L9.372 278.6C-3.124 266.1-3.124 245.9 9.372 233.4C21.87 220.9 42.13 220.9 54.63 233.4L159.1 338.7L393.4 105.4C405.9 92.88 426.1 92.88 438.6 105.4H438.6z\"><\/path><\/svg><\/span><span class=\"uagb-icon-list__label\">Acc\u00e8s \u00e0 la terrasse et au solarium<\/span><\/div>\n<\/div><\/div>\n<\/div>\n\n\n\n<div class=\"wp-block-column is-layout-flow wp-block-column-is-layout-flow\">\n<h3 class=\"wp-block-heading has-text-align-center is-style-heading-4 has-gh-dark-blue-color has-text-color has-link-color wp-elements-f2ab7f48f5c71c2477ca843ca7fc4695\"><a href=\"https:\/\/granhotelcostadelsol.com\/fr\/gastronomie-a-la-cala-de-mijas\/\">Gastronomie<\/a><\/h3>\n\n\n\n<div class=\"wp-block-uagb-icon-list uagb-block-fcb29262\"><div class=\"uagb-icon-list__wrap\">\n<div class=\"wp-block-uagb-icon-list-child uagb-block-e62f4214\"><span class=\"uagb-icon-list__source-wrap\"><svg xmlns=\"https:\/\/www.w3.org\/2000\/svg\" viewbox=\"0 0 448 512\"><path d=\"M438.6 105.4C451.1 117.9 451.1 138.1 438.6 150.6L182.6 406.6C170.1 419.1 149.9 419.1 137.4 406.6L9.372 278.6C-3.124 266.1-3.124 245.9 9.372 233.4C21.87 220.9 42.13 220.9 54.63 233.4L159.1 338.7L393.4 105.4C405.9 92.88 426.1 92.88 438.6 105.4H438.6z\"><\/path><\/svg><\/span><span class=\"uagb-icon-list__label\">Petit-d\u00e9jeuner, d\u00e9jeuner et d\u00eener au <strong>restaurant Mir\u00f3<\/strong> avec cuisine en direct.<\/span><\/div>\n\n\n\n<div class=\"wp-block-uagb-icon-list-child uagb-block-d3aaa3ec\"><span class=\"uagb-icon-list__source-wrap\"><svg xmlns=\"https:\/\/www.w3.org\/2000\/svg\" viewbox=\"0 0 448 512\"><path d=\"M438.6 105.4C451.1 117.9 451.1 138.1 438.6 150.6L182.6 406.6C170.1 419.1 149.9 419.1 137.4 406.6L9.372 278.6C-3.124 266.1-3.124 245.9 9.372 233.4C21.87 220.9 42.13 220.9 54.63 233.4L159.1 338.7L393.4 105.4C405.9 92.88 426.1 92.88 438.6 105.4H438.6z\"><\/path><\/svg><\/span><span class=\"uagb-icon-list__label\">Collations (sandwiches et friandises) Horaires de 11h00 \u00e0 12h00 et de 16h30 \u00e0 17h30<\/span><\/div>\n\n\n\n<div class=\"wp-block-uagb-icon-list-child uagb-block-ace3e5cc\"><span class=\"uagb-icon-list__source-wrap\"><svg xmlns=\"https:\/\/www.w3.org\/2000\/svg\" viewbox=\"0 0 448 512\"><path d=\"M438.6 105.4C451.1 117.9 451.1 138.1 438.6 150.6L182.6 406.6C170.1 419.1 149.9 419.1 137.4 406.6L9.372 278.6C-3.124 266.1-3.124 245.9 9.372 233.4C21.87 220.9 42.13 220.9 54.63 233.4L159.1 338.7L393.4 105.4C405.9 92.88 426.1 92.88 438.6 105.4H438.6z\"><\/path><\/svg><\/span><span class=\"uagb-icon-list__label\"><br\/>A<strong>cc\u00e8s aux bars<\/strong> Nous disposons de deux bars o\u00f9 nous servons des boissons nationales : le<strong>bar de la piscine<\/strong> et le <strong>bar du salon<\/strong>.<\/span><\/div>\n\n\n\n<div class=\"wp-block-uagb-icon-list-child uagb-block-d25cae95\"><span class=\"uagb-icon-list__source-wrap\"><svg xmlns=\"https:\/\/www.w3.org\/2000\/svg\" viewbox=\"0 0 512 512\"><path d=\"M256 0C114.6 0 0 114.6 0 256s114.6 256 256 256s256-114.6 256-256S397.4 0 256 0zM256 128c17.67 0 32 14.33 32 32c0 17.67-14.33 32-32 32S224 177.7 224 160C224 142.3 238.3 128 256 128zM296 384h-80C202.8 384 192 373.3 192 360s10.75-24 24-24h16v-64H224c-13.25 0-24-10.75-24-24S210.8 224 224 224h32c13.25 0 24 10.75 24 24v88h16c13.25 0 24 10.75 24 24S309.3 384 296 384z\"><\/path><\/svg><\/span><span class=\"uagb-icon-list__label\">* Bar de la piscine sous r\u00e9serve des conditions m\u00e9t\u00e9orologiques<\/span><\/div>\n\n\n\n<div class=\"wp-block-uagb-icon-list-child uagb-block-2daf7507\"><span class=\"uagb-icon-list__source-wrap\"><svg xmlns=\"https:\/\/www.w3.org\/2000\/svg\" viewbox=\"0 0 512 512\"><path d=\"M256 0C114.6 0 0 114.6 0 256s114.6 256 256 256s256-114.6 256-256S397.4 0 256 0zM256 128c17.67 0 32 14.33 32 32c0 17.67-14.33 32-32 32S224 177.7 224 160C224 142.3 238.3 128 256 128zM296 384h-80C202.8 384 192 373.3 192 360s10.75-24 24-24h16v-64H224c-13.25 0-24-10.75-24-24S210.8 224 224 224h32c13.25 0 24 10.75 24 24v88h16c13.25 0 24 10.75 24 24S309.3 384 296 384z\"><\/path><\/svg><\/span><span class=\"uagb-icon-list__label\">* Les boissons et autres produits offerts sur la <strong>terrasse El Terral Chillout<\/strong> <strong>ne sont pas inclus.<\/strong><\/span><\/div>\n<\/div><\/div>\n<\/div>\n\n\n\n<div class=\"wp-block-column is-layout-flow wp-block-column-is-layout-flow\">\n<h3 class=\"wp-block-heading has-text-align-center is-style-heading-4 has-gh-dark-blue-color has-text-color has-link-color wp-elements-6c317a83d39e0521ed7420b35283005a\"><a href=\"https:\/\/granhotelcostadelsol.com\/fr\/loisirs-et-divertissements-au-gran-hotel-costa-del-sol\/\">Activit\u00e9s<\/a><\/h3>\n\n\n\n<div class=\"wp-block-uagb-icon-list uagb-block-5d657399\"><div class=\"uagb-icon-list__wrap\">\n<div class=\"wp-block-uagb-icon-list-child uagb-block-f0ce7f34\"><span class=\"uagb-icon-list__source-wrap\"><svg xmlns=\"https:\/\/www.w3.org\/2000\/svg\" viewbox=\"0 0 448 512\"><path d=\"M438.6 105.4C451.1 117.9 451.1 138.1 438.6 150.6L182.6 406.6C170.1 419.1 149.9 419.1 137.4 406.6L9.372 278.6C-3.124 266.1-3.124 245.9 9.372 233.4C21.87 220.9 42.13 220.9 54.63 233.4L159.1 338.7L393.4 105.4C405.9 92.88 426.1 92.88 438.6 105.4H438.6z\"><\/path><\/svg><\/span><span class=\"uagb-icon-list__label\">Divertissements en journ\u00e9e et divers spectacles en soir\u00e9e. (selon la saison)<\/span><\/div>\n\n\n\n<div class=\"wp-block-uagb-icon-list-child uagb-block-8d716bef\"><span class=\"uagb-icon-list__source-wrap\"><svg xmlns=\"https:\/\/www.w3.org\/2000\/svg\" viewbox=\"0 0 448 512\"><path d=\"M438.6 105.4C451.1 117.9 451.1 138.1 438.6 150.6L182.6 406.6C170.1 419.1 149.9 419.1 137.4 406.6L9.372 278.6C-3.124 266.1-3.124 245.9 9.372 233.4C21.87 220.9 42.13 220.9 54.63 233.4L159.1 338.7L393.4 105.4C405.9 92.88 426.1 92.88 438.6 105.4H438.6z\"><\/path><\/svg><\/span><span class=\"uagb-icon-list__label\">A\u00e9robic, gymnastique, cours de danse, jeux de piscine et de plage.<\/span><\/div>\n\n\n\n<div class=\"wp-block-uagb-icon-list-child uagb-block-33bcaff9\"><span class=\"uagb-icon-list__source-wrap\"><svg xmlns=\"https:\/\/www.w3.org\/2000\/svg\" viewbox=\"0 0 448 512\"><path d=\"M438.6 105.4C451.1 117.9 451.1 138.1 438.6 150.6L182.6 406.6C170.1 419.1 149.9 419.1 137.4 406.6L9.372 278.6C-3.124 266.1-3.124 245.9 9.372 233.4C21.87 220.9 42.13 220.9 54.63 233.4L159.1 338.7L393.4 105.4C405.9 92.88 426.1 92.88 438.6 105.4H438.6z\"><\/path><\/svg><\/span><span class=\"uagb-icon-list__label\">Tennis de table, tir \u00e0 l&rsquo;arc, tir \u00e0 la carabine.<\/span><\/div>\n\n\n\n<div class=\"wp-block-uagb-icon-list-child uagb-block-0ef1462c\"><span class=\"uagb-icon-list__source-wrap\"><svg xmlns=\"https:\/\/www.w3.org\/2000\/svg\" viewbox=\"0 0 512 512\"><path d=\"M256 0C114.6 0 0 114.6 0 256s114.6 256 256 256s256-114.6 256-256S397.4 0 256 0zM256 128c17.67 0 32 14.33 32 32c0 17.67-14.33 32-32 32S224 177.7 224 160C224 142.3 238.3 128 256 128zM296 384h-80C202.8 384 192 373.3 192 360s10.75-24 24-24h16v-64H224c-13.25 0-24-10.75-24-24S210.8 224 224 224h32c13.25 0 24 10.75 24 24v88h16c13.25 0 24 10.75 24 24S309.3 384 296 384z\"><\/path><\/svg><\/span><span class=\"uagb-icon-list__label\">* Les programmes d&rsquo;activit\u00e9s sont susceptibles d&rsquo;\u00eatre modifi\u00e9s.<\/span><\/div>\n<\/div><\/div>\n<\/div>\n<\/div>\n<\/div>\n<\/div>\n\n<div class=\"wp-block-group alignfull is-layout-constrained wp-block-group-is-layout-constrained\">\n<div style=\"height:24px\" aria-hidden=\"true\" class=\"wp-block-spacer\"><\/div>\n\n\n\n<div class=\"wp-block-buttons alignfull is-content-justification-center is-layout-flex wp-container-core-buttons-is-layout-16018d1d wp-block-buttons-is-layout-flex\">\n<div class=\"wp-block-button is-style-primary-outline booking-button\"><a class=\"wp-block-button__link wp-element-button\">R\u00c9SERVER AU GRAN HOTEL COSTA DEL SOL<\/a><\/div>\n<\/div>\n\n\n\n<div style=\"height:24px\" aria-hidden=\"true\" class=\"wp-block-spacer\"><\/div>\n<\/div>\n\n<div class=\"wp-block-group is-style-section-container is-layout-constrained wp-block-group-is-layout-constrained\">\n<div style=\"height:24px\" aria-hidden=\"true\" class=\"wp-block-spacer\"><\/div>\n\n\n\n<figure class=\"wp-block-image size-large\"><img decoding=\"async\" width=\"1024\" height=\"72\" src=\"https:\/\/granhotelcostadelsol.test\/wp-content\/uploads\/2024\/09\/separator-yellow-1024x72.png\" alt=\"s&#xE9;parateur jaune\" class=\"wp-image-303\" srcset=\"https:\/\/granhotelcostadelsol.com\/wp-content\/uploads\/2024\/09\/separator-yellow-1024x72.png 1024w, https:\/\/granhotelcostadelsol.com\/wp-content\/uploads\/2024\/09\/separator-yellow-300x21.png 300w, https:\/\/granhotelcostadelsol.com\/wp-content\/uploads\/2024\/09\/separator-yellow-768x54.png 768w, https:\/\/granhotelcostadelsol.com\/wp-content\/uploads\/2024\/09\/separator-yellow.png 1478w\" sizes=\"(max-width: 1024px) 100vw, 1024px\" \/><\/figure>\n<\/div>\n\n<div class=\"wp-block-group alignfull is-style-section-full is-layout-constrained wp-block-group-is-layout-constrained\">\n<div class=\"wp-block-group is-style-section-container is-layout-constrained wp-block-group-is-layout-constrained\">\n<h2 class=\"wp-block-heading has-text-align-center is-style-heading-3 has-gh-dark-blue-color has-text-color has-link-color wp-elements-50e17bf8222c4beadec0480e01ffe8b1\"><mark style=\"background-color:rgba(0, 0, 0, 0)\" class=\"has-inline-color has-gh-yellow-color\">D\u00e9couvrez<\/mark> notre h\u00f4tel \u00e0 La Cala de Mijas<\/h2>\n\n\n\n<p class=\"has-text-align-center is-style-lead\">Dans notre <a href=\"https:\/\/granhotelcostadelsol.com\/fr\/hotel-4-etoiles-a-mijas-costa\/\">h\u00f4tel 4 \u00e9toiles de La Cala de Mijas<\/a>, nous avons con\u00e7u une exp\u00e9rience tout compris qui vous permet de vous d\u00e9tendre et de profiter de vos vacances en toute tranquillit\u00e9. Situ\u00e9 en bord de mer, notre h\u00f4tel vous offre une combinaison parfaite de confort, de luxe et de service impeccable. <\/p>\n\n\n\n<div class=\"wp-block-columns alignfull is-layout-flex wp-container-core-columns-is-layout-9d6595d7 wp-block-columns-is-layout-flex\">\n<div class=\"wp-block-column is-layout-flow wp-block-column-is-layout-flow\">\n<h3 class=\"wp-block-heading has-text-align-center is-style-heading-4 has-gh-dark-blue-color has-text-color has-link-color has-large-font-size wp-elements-73cda0aa6b9860b6462b6e6fb2d20c2f\">Piscine<\/h3>\n\n\n\n<div class=\"wp-block-uagb-image aligncenter uagb-block-7c877ed4 wp-block-uagb-image--layout-default wp-block-uagb-image--effect-static wp-block-uagb-image--align-center\"><figure class=\"wp-block-uagb-image__figure\"><img decoding=\"async\" srcset=\"https:\/\/granhotelcostadelsol.com\/wp-content\/uploads\/2024\/09\/piscina-gran-hotel-costa-del-sol-1024x683.webp ,https:\/\/granhotelcostadelsol.com\/wp-content\/uploads\/2024\/09\/piscina-gran-hotel-costa-del-sol.webp 780w, https:\/\/granhotelcostadelsol.com\/wp-content\/uploads\/2024\/09\/piscina-gran-hotel-costa-del-sol.webp 360w\" sizes=\"auto, (max-width: 480px) 150px\" src=\"https:\/\/granhotelcostadelsol.com\/wp-content\/uploads\/2024\/09\/piscina-gran-hotel-costa-del-sol-1024x683.webp\" alt=\"Piscine du Gran Hotel Costa del Sol\" class=\"uag-image-186\" width=\"1024\" height=\"683\" title=\"piscine Gran Hotel Costa del Sol\" loading=\"lazy\" role=\"img\"><\/figure><\/div>\n\n\n\n<p class=\"has-text-align-center is-style-lead\">Profitez de notre piscine ext\u00e9rieure, id\u00e9ale pour vous rafra\u00eechir \u00e0 tout moment de la journ\u00e9e. Vous trouverez \u00e0 votre disposition des chaises longues gratuites, un service de serviettes (d\u00e9p\u00f4t requis) et pour compl\u00e9ter l&rsquo;exp\u00e9rience, venez \u00e0 notre bar. <\/p>\n<\/div>\n\n\n\n<div class=\"wp-block-column is-layout-flow wp-block-column-is-layout-flow\">\n<h3 class=\"wp-block-heading has-text-align-center is-style-heading-4 has-gh-dark-blue-color has-text-color has-link-color has-large-font-size wp-elements-77ebc7639b232adbbd57ef5a5fdb33d7\"><a href=\"https:\/\/granhotelcostadelsol.com\/fr\/hotel-4-etoiles-sur-la-costa-del-sol\/\">Plage de la ligne de front<\/a><\/h3>\n\n\n\n<div class=\"wp-block-uagb-image aligncenter uagb-block-29358b32 wp-block-uagb-image--layout-default wp-block-uagb-image--effect-static wp-block-uagb-image--align-center\"><figure class=\"wp-block-uagb-image__figure\"><img decoding=\"async\" srcset=\"https:\/\/granhotelcostadelsol.com\/wp-content\/uploads\/2024\/09\/fachada_dia_y_playa_panoramica-2.redimensionado-1024x667.jpg ,https:\/\/granhotelcostadelsol.com\/wp-content\/uploads\/2024\/09\/fachada_dia_y_playa_panoramica-2.redimensionado.jpg 780w, https:\/\/granhotelcostadelsol.com\/wp-content\/uploads\/2024\/09\/fachada_dia_y_playa_panoramica-2.redimensionado.jpg 360w\" sizes=\"auto, (max-width: 480px) 150px\" src=\"https:\/\/granhotelcostadelsol.com\/wp-content\/uploads\/2024\/09\/fachada_dia_y_playa_panoramica-2.redimensionado-1024x667.jpg\" alt=\"fa\u00e7ade jour et plage Gran Hotel Costa del Sol\" class=\"uag-image-598\" width=\"1024\" height=\"667\" title=\"Gran Hotel Costa del Sol et fa\u00e7ade du jour de la plage\" loading=\"lazy\" role=\"img\"><\/figure><\/div>\n\n\n\n<p class=\"has-text-align-center is-style-lead\">Notre h\u00f4tel est situ\u00e9 en bord de mer, avec un acc\u00e8s direct au sable depuis nos installations. Profitez de vacances inoubliables au bord de la mer, avec le bruit des vagues en toile de fond et tout le confort au c\u0153ur de la M\u00e9diterran\u00e9e. <\/p>\n<\/div>\n<\/div>\n\n\n\n<div class=\"wp-block-columns alignfull is-layout-flex wp-container-core-columns-is-layout-9d6595d7 wp-block-columns-is-layout-flex\">\n<div class=\"wp-block-column is-layout-flow wp-block-column-is-layout-flow\">\n<h3 class=\"wp-block-heading has-text-align-center is-style-heading-4 has-gh-dark-blue-color has-text-color has-link-color has-large-font-size wp-elements-e8a97fc2eb33a7a112468cf029d1bc6f\"><a href=\"https:\/\/granhotelcostadelsol.com\/fr\/hotel-pour-enfants-sur-la-costa-del-sol-destination-ideale-pour-les-familles\/\">H\u00f4tel familial<\/a><\/h3>\n\n\n\n<div class=\"wp-block-uagb-image aligncenter uagb-block-d634dabc wp-block-uagb-image--layout-default wp-block-uagb-image--effect-static wp-block-uagb-image--align-center\"><figure class=\"wp-block-uagb-image__figure\"><img decoding=\"async\" srcset=\"https:\/\/granhotelcostadelsol.com\/wp-content\/uploads\/2024\/11\/Paquete-Dia-de-la-Madre-800-x-450-px.jpg ,https:\/\/granhotelcostadelsol.com\/wp-content\/uploads\/2024\/11\/Paquete-Dia-de-la-Madre-800-x-450-px.jpg 780w, https:\/\/granhotelcostadelsol.com\/wp-content\/uploads\/2024\/11\/Paquete-Dia-de-la-Madre-800-x-450-px.jpg 360w\" sizes=\"auto, (max-width: 480px) 150px\" src=\"https:\/\/granhotelcostadelsol.com\/wp-content\/uploads\/2024\/11\/Paquete-Dia-de-la-Madre-800-x-450-px.jpg\" alt=\"famille heureuse\" class=\"uag-image-2904\" width=\"1024\" height=\"632\" title=\"famille m\u00e8re et fille\" loading=\"lazy\" role=\"img\"><\/figure><\/div>\n\n\n\n<p class=\"has-text-align-center is-style-lead\">Le Gran Hotel Costa del Sol est la destination id\u00e9ale pour des vacances en famille. Nos installations, services et activit\u00e9s sont con\u00e7us pour tous les \u00e2ges, des enfants aux adultes. Vivez des moments uniques et amusants.  <\/p>\n<\/div>\n\n\n\n<div class=\"wp-block-column is-layout-flow wp-block-column-is-layout-flow\">\n<h3 class=\"wp-block-heading has-text-align-center is-style-heading-4 has-gh-dark-blue-color has-text-color has-link-color has-large-font-size wp-elements-ba1ccf1f7d60f5a8703ad75672c6d0bf\"><a href=\"https:\/\/granhotelcostadelsol.com\/fr\/hotel-4-etoiles-sur-la-costa-del-sol\/\">H\u00f4tel 4 \u00e9toiles<\/a><\/h3>\n\n\n\n<div class=\"wp-block-uagb-image aligncenter uagb-block-e3453593 wp-block-uagb-image--layout-default wp-block-uagb-image--effect-static wp-block-uagb-image--align-center\"><figure class=\"wp-block-uagb-image__figure\"><img decoding=\"async\" srcset=\"https:\/\/granhotelcostadelsol.com\/wp-content\/uploads\/2024\/09\/piscina_8161059063_o.redimensionado-1024x576.jpg ,https:\/\/granhotelcostadelsol.com\/wp-content\/uploads\/2024\/09\/piscina_8161059063_o.redimensionado.jpg 780w, https:\/\/granhotelcostadelsol.com\/wp-content\/uploads\/2024\/09\/piscina_8161059063_o.redimensionado.jpg 360w\" sizes=\"auto, (max-width: 480px) 150px\" src=\"https:\/\/granhotelcostadelsol.com\/wp-content\/uploads\/2024\/09\/piscina_8161059063_o.redimensionado-1024x576.jpg\" alt=\"piscine Gran Hotel Costa del Sol\" class=\"uag-image-602\" width=\"1024\" height=\"576\" title=\"piscine de l'h\u00f4tel\" loading=\"lazy\" role=\"img\"><\/figure><\/div>\n\n\n\n<p class=\"has-text-align-center is-style-lead has-medium-font-size\">En s\u00e9journant chez nous, vous profiterez d&rsquo;un h\u00f4tel 4 \u00e9toiles au c\u0153ur de la Costa del Sol, qui allie confort, services de qualit\u00e9 et attention aux d\u00e9tails. Notre formule tout compris vous permettra de profiter au maximum de votre s\u00e9jour. <\/p>\n<\/div>\n<\/div>\n<\/div>\n<\/div>\n\n<div class=\"wp-block-group alignfull is-layout-constrained wp-block-group-is-layout-constrained\">\n<div style=\"height:24px\" aria-hidden=\"true\" class=\"wp-block-spacer\"><\/div>\n\n\n\n<div class=\"wp-block-buttons alignfull is-content-justification-center is-layout-flex wp-container-core-buttons-is-layout-16018d1d wp-block-buttons-is-layout-flex\">\n<div class=\"wp-block-button is-style-primary-outline booking-button\"><a class=\"wp-block-button__link wp-element-button\">R\u00c9SERVER AU GRAN HOTEL COSTA DEL SOL<\/a><\/div>\n<\/div>\n\n\n\n<div style=\"height:24px\" aria-hidden=\"true\" class=\"wp-block-spacer\"><\/div>\n<\/div>\n\n<div class=\"wp-block-group alignfull is-style-section-full is-layout-constrained wp-block-group-is-layout-constrained\">\n<div class=\"wp-block-group is-style-section-container is-layout-constrained wp-block-group-is-layout-constrained\">\n<h3 class=\"wp-block-heading has-text-align-center is-style-heading-3 has-gh-dark-blue-color has-text-color has-link-color has-large-font-size wp-elements-8c80d958d671550adbdf2dfea9a64303\">Vivez <mark style=\"background-color:rgba(0, 0, 0, 0)\" class=\"has-inline-color has-gh-yellow-color\">la meilleure exp\u00e9rience<\/mark> All Inclusive \u00e0 La Cala de Mijas<\/h3>\n\n\n\n<p class=\"has-text-align-center is-style-lead\">Si vous \u00eates \u00e0 la recherche de vacances de r\u00eave sur la Costa del Sol, <strong>notre formule tout compris vous fournira tout ce dont vous avez besoin pour un s\u00e9jour parfait<\/strong>. Vous trouverez des options de divertissement pour tous les go\u00fbts et tous les \u00e2ges, telles que des animations, des spectacles, des cours de danse, de la gymnastique ou des jeux de soci\u00e9t\u00e9. Vous pourrez d\u00e9guster une s\u00e9lection vari\u00e9e de plats et d&rsquo;en-cas au restaurant Mir\u00f3, ainsi qu&rsquo;une grande vari\u00e9t\u00e9 de boissons maison.   <\/p>\n\n\n\n<p class=\"has-text-align-center is-style-lead\">Vivez la meilleure exp\u00e9rience tout compris au Gran Hotel Costa del Sol !<\/p>\n<\/div>\n<\/div>\n\n<div class=\"wp-block-group alignfull is-style-section-full is-layout-constrained wp-block-group-is-layout-constrained\">\n<div class=\"wp-block-group is-style-section-container is-layout-constrained wp-block-group-is-layout-constrained\">\n<figure class=\"wp-block-image size-large\"><img decoding=\"async\" width=\"1024\" height=\"72\" src=\"https:\/\/granhotelcostadelsol.test\/wp-content\/uploads\/2024\/09\/separator-yellow-1024x72.png\" alt=\"s&#xE9;parateur jaune\" class=\"wp-image-303\" srcset=\"https:\/\/granhotelcostadelsol.com\/wp-content\/uploads\/2024\/09\/separator-yellow-1024x72.png 1024w, https:\/\/granhotelcostadelsol.com\/wp-content\/uploads\/2024\/09\/separator-yellow-300x21.png 300w, https:\/\/granhotelcostadelsol.com\/wp-content\/uploads\/2024\/09\/separator-yellow-768x54.png 768w, https:\/\/granhotelcostadelsol.com\/wp-content\/uploads\/2024\/09\/separator-yellow.png 1478w\" sizes=\"(max-width: 1024px) 100vw, 1024px\" \/><\/figure>\n<\/div>\n<\/div>\n\n<div class=\"wp-block-group alignfull is-style-section-full is-layout-constrained wp-block-group-is-layout-constrained\">\n<div class=\"wp-block-group is-style-section-container is-layout-constrained wp-block-group-is-layout-constrained\">\n<h2 class=\"wp-block-heading has-text-align-center is-style-heading-3 has-gh-dark-blue-color has-text-color has-link-color wp-elements-b9fbd9198e9a4f5187bde7ab9a57fdb2\">R\u00e9servez votre s\u00e9jour dans notre h\u00f4tel<\/h2>\n\n\n\n<p>Situ\u00e9 \u00e0 <strong>Mijas Costa<\/strong>, notre h\u00f4tel <strong>tout compris<\/strong> se distingue par son emplacement imbattable et la qualit\u00e9 de ses installations. Vous pourrez vous d\u00e9tendre dans notre piscine, profiter de la mer M\u00e9diterran\u00e9e et acc\u00e9der \u00e0 un large \u00e9ventail d&rsquo;activit\u00e9s. <\/p>\n\n\n\n<p class=\"has-text-align-center is-style-lead\">Pour des vacances sans souci, choisissez notre h\u00f4tel tout compris sur la Costa del Sol. Il b\u00e9n\u00e9ficie d&rsquo;une situation privil\u00e9gi\u00e9e \u00e0 Mijas Costa. N&rsquo;h\u00e9sitez pas et r\u00e9servez d\u00e8s aujourd&rsquo;hui !<\/p>\n\n\n\n<div class=\"wp-block-group alignfull is-layout-constrained wp-block-group-is-layout-constrained\">\n<div style=\"height:24px\" aria-hidden=\"true\" class=\"wp-block-spacer\"><\/div>\n\n\n\n<div class=\"wp-block-buttons alignfull is-content-justification-center is-layout-flex wp-container-core-buttons-is-layout-16018d1d wp-block-buttons-is-layout-flex\">\n<div class=\"wp-block-button is-style-primary-outline booking-button\"><a class=\"wp-block-button__link wp-element-button\">R\u00c9SERVER AU GRAN HOTEL COSTA DEL SOL<\/a><\/div>\n<\/div>\n\n\n\n<div style=\"height:24px\" aria-hidden=\"true\" class=\"wp-block-spacer\"><\/div>\n<\/div>\n<\/div>\n<\/div>\n\n<p><\/p>\n","protected":false},"excerpt":{"rendered":"<p>Service tout compris Gran hotel costa del sol Services Gastronomie Activit\u00e9s D\u00e9couvrez notre h\u00f4tel \u00e0 La Cala de Mijas Dans notre h\u00f4tel 4 \u00e9toiles de La Cala de Mijas, nous avons con\u00e7u une exp\u00e9rience tout compris qui vous permet de vous d\u00e9tendre et de profiter de vos vacances en toute tranquillit\u00e9. Situ\u00e9 en bord de<a href=\"https:\/\/granhotelcostadelsol.com\/fr\/hotel-tout-compris-sur-la-costa-del-sol\/\">Continue reading <span class=\"sr-only\">\u00ab\u00a0H\u00f4tel tout compris sur la Costa del Sol\u00a0\u00bb<\/span><\/a><\/p>\n","protected":false},"author":2,"featured_media":1676,"parent":0,"menu_order":0,"comment_status":"closed","ping_status":"closed","template":"","meta":{"_acf_changed":false,"inline_featured_image":false,"_uag_custom_page_level_css":"","footnotes":""},"class_list":["post-1252","page","type-page","status-publish","has-post-thumbnail","hentry"],"acf":[],"uagb_featured_image_src":{"full":["https:\/\/granhotelcostadelsol.com\/wp-content\/uploads\/2024\/10\/todo-incluido.redimensionado.webp",1024,577,false],"thumbnail":["https:\/\/granhotelcostadelsol.com\/wp-content\/uploads\/2024\/10\/todo-incluido.redimensionado-150x150.webp",150,150,true],"medium":["https:\/\/granhotelcostadelsol.com\/wp-content\/uploads\/2024\/10\/todo-incluido.redimensionado-300x169.webp",300,169,true],"medium_large":["https:\/\/granhotelcostadelsol.com\/wp-content\/uploads\/2024\/10\/todo-incluido.redimensionado-768x433.webp",768,433,true],"large":["https:\/\/granhotelcostadelsol.com\/wp-content\/uploads\/2024\/10\/todo-incluido.redimensionado.webp",1024,577,false],"1536x1536":["https:\/\/granhotelcostadelsol.com\/wp-content\/uploads\/2024\/10\/todo-incluido.redimensionado.webp",1024,577,false],"2048x2048":["https:\/\/granhotelcostadelsol.com\/wp-content\/uploads\/2024\/10\/todo-incluido.redimensionado.webp",1024,577,false]},"uagb_author_info":{"display_name":"@nubeseo","author_link":"https:\/\/granhotelcostadelsol.com\/fr\/author\/nubeseo\/"},"uagb_comment_info":0,"uagb_excerpt":"Service tout compris Gran hotel costa del sol Services Gastronomie Activit\u00e9s D\u00e9couvrez notre h\u00f4tel \u00e0 La Cala de Mijas Dans notre h\u00f4tel 4 \u00e9toiles de La Cala de Mijas, nous avons con\u00e7u une exp\u00e9rience tout compris qui vous permet de vous d\u00e9tendre et de profiter de vos vacances en toute tranquillit\u00e9. Situ\u00e9 en bord deContinue\u2026","_links":{"self":[{"href":"https:\/\/granhotelcostadelsol.com\/fr\/wp-json\/wp\/v2\/pages\/1252","targetHints":{"allow":["GET"]}}],"collection":[{"href":"https:\/\/granhotelcostadelsol.com\/fr\/wp-json\/wp\/v2\/pages"}],"about":[{"href":"https:\/\/granhotelcostadelsol.com\/fr\/wp-json\/wp\/v2\/types\/page"}],"author":[{"embeddable":true,"href":"https:\/\/granhotelcostadelsol.com\/fr\/wp-json\/wp\/v2\/users\/2"}],"replies":[{"embeddable":true,"href":"https:\/\/granhotelcostadelsol.com\/fr\/wp-json\/wp\/v2\/comments?post=1252"}],"version-history":[{"count":17,"href":"https:\/\/granhotelcostadelsol.com\/fr\/wp-json\/wp\/v2\/pages\/1252\/revisions"}],"predecessor-version":[{"id":3268,"href":"https:\/\/granhotelcostadelsol.com\/fr\/wp-json\/wp\/v2\/pages\/1252\/revisions\/3268"}],"wp:featuredmedia":[{"embeddable":true,"href":"https:\/\/granhotelcostadelsol.com\/fr\/wp-json\/wp\/v2\/media\/1676"}],"wp:attachment":[{"href":"https:\/\/granhotelcostadelsol.com\/fr\/wp-json\/wp\/v2\/media?parent=1252"}],"curies":[{"name":"wp","href":"https:\/\/api.w.org\/{rel}","templated":true}]}}