{"id":1215,"date":"2024-09-27T14:17:34","date_gmt":"2024-09-27T12:17:34","guid":{"rendered":"https:\/\/granhotelcostadelsol.nubedev.es\/terrasse-chill-out-a-cala-de-mijas\/"},"modified":"2025-07-16T17:02:17","modified_gmt":"2025-07-16T15:02:17","slug":"terrasse-chill-out-a-cala-de-mijas","status":"publish","type":"page","link":"https:\/\/granhotelcostadelsol.com\/fr\/terrasse-chill-out-a-cala-de-mijas\/","title":{"rendered":"Terrasse El Terral Cala de Mijas"},"content":{"rendered":"\n<div class=\"wp-block-group alignfull is-style-section-full is-layout-constrained wp-block-group-is-layout-constrained\">\n<div class=\"wp-block-group is-style-section-container is-layout-constrained wp-block-group-is-layout-constrained\">\n<h2 class=\"wp-block-heading has-text-align-center is-style-heading-3 has-gh-dark-blue-color has-text-color has-link-color wp-elements-78f0422559ad8bc7665fa16a1c0aceb9\">D\u00e9couvrez notre terrasse <mark style=\"background-color:rgba(0, 0, 0, 0)\" class=\"has-inline-color has-gh-yellow-color\">Chill Out<\/mark><\/h2>\n\n\n\n<p class=\"has-text-align-center is-style-general-text\">Nous vous invitons \u00e0 visiter El Terral, la Terrasse Chill-Out du <a href=\"https:\/\/granhotelcostadelsol.com\/fr\/\">Gran Hotel Costa del Sol<\/a>, un espace o\u00f9 les clients les plus exigeants peuvent vivre des exp\u00e9riences incroyables. Un petit coin o\u00f9 vous pouvez c\u00e9l\u00e9brer n&rsquo;importe quel \u00e9v\u00e9nement, o\u00f9 vous pouvez vous \u00e9vader et d\u00e9guster un cocktail p\u00e9tillant. \u00cates-vous pr\u00eat pour cela ?  <\/p>\n\n\n\n<div style=\"height:32px\" aria-hidden=\"true\" class=\"wp-block-spacer\"><\/div>\n<\/div>\n<\/div>\n\n<div class=\"wp-block-group alignfull is-style-section-full is-layout-constrained wp-block-group-is-layout-constrained\">\n<div class=\"wp-block-columns is-layout-flex wp-container-core-columns-is-layout-9d6595d7 wp-block-columns-is-layout-flex\">\n<div class=\"wp-block-column is-vertically-aligned-center is-layout-flow wp-block-column-is-layout-flow\" style=\"flex-basis:50%\">\n<div class=\"wp-block-group is-style-section-container is-vertical is-nowrap is-layout-flex wp-container-core-group-is-layout-fc43baa9 wp-block-group-is-layout-flex\">\n<p>Pour plus d&rsquo;informations, les prix et la disponibilit\u00e9 des \u00e9v\u00e9nements :<\/p>\n\n\n\n<div class=\"wp-block-uagb-icon-list uagb-block-71f3e835\"><div class=\"uagb-icon-list__wrap\">\n<div class=\"wp-block-uagb-icon-list-child uagb-block-c41b820d\"><a target=\"_self\" aria-label=\"recepcion@granhotelcostadelsol.com\" rel=\"noopener noreferrer\" href=\"mailto:recepcion@granhotelcostadelsol.com\"> <\/a><span class=\"uagb-icon-list__source-wrap\"><svg xmlns=\"https:\/\/www.w3.org\/2000\/svg\" viewbox=\"0 0 512 512\"><path d=\"M256 417.1c-16.38 0-32.88-4.1-46.88-15.12L0 250.9v213.1C0 490.5 21.5 512 48 512h416c26.5 0 48-21.5 48-47.1V250.9l-209.1 151.1C288.9 412 272.4 417.1 256 417.1zM493.6 163C484.8 156 476.4 149.5 464 140.1v-44.12c0-26.5-21.5-48-48-48l-77.5 .0016c-3.125-2.25-5.875-4.25-9.125-6.5C312.6 29.13 279.3-.3732 256 .0018C232.8-.3732 199.4 29.13 182.6 41.5c-3.25 2.25-6 4.25-9.125 6.5L96 48c-26.5 0-48 21.5-48 48v44.12C35.63 149.5 27.25 156 18.38 163C6.75 172 0 186 0 200.8v10.62l96 69.37V96h320v184.7l96-69.37V200.8C512 186 505.3 172 493.6 163zM176 255.1h160c8.836 0 16-7.164 16-15.1c0-8.838-7.164-16-16-16h-160c-8.836 0-16 7.162-16 16C160 248.8 167.2 255.1 176 255.1zM176 191.1h160c8.836 0 16-7.164 16-16c0-8.838-7.164-15.1-16-15.1h-160c-8.836 0-16 7.162-16 15.1C160 184.8 167.2 191.1 176 191.1z\"><\/path><\/svg><\/span><span class=\"uagb-icon-list__label\"><strong>recepcion@granhotelcostadelsol.com<\/strong><\/span><\/div>\n\n\n\n<div class=\"wp-block-uagb-icon-list-child uagb-block-de37b5f6\"><a target=\"_self\" aria-label=\"reservas@granhotelcostadelsol.com\" rel=\"noopener noreferrer\" href=\"mailto:reservas@granhotelcostadelsol.com\"> <\/a><span class=\"uagb-icon-list__source-wrap\"><svg xmlns=\"https:\/\/www.w3.org\/2000\/svg\" viewbox=\"0 0 512 512\"><path d=\"M256 417.1c-16.38 0-32.88-4.1-46.88-15.12L0 250.9v213.1C0 490.5 21.5 512 48 512h416c26.5 0 48-21.5 48-47.1V250.9l-209.1 151.1C288.9 412 272.4 417.1 256 417.1zM493.6 163C484.8 156 476.4 149.5 464 140.1v-44.12c0-26.5-21.5-48-48-48l-77.5 .0016c-3.125-2.25-5.875-4.25-9.125-6.5C312.6 29.13 279.3-.3732 256 .0018C232.8-.3732 199.4 29.13 182.6 41.5c-3.25 2.25-6 4.25-9.125 6.5L96 48c-26.5 0-48 21.5-48 48v44.12C35.63 149.5 27.25 156 18.38 163C6.75 172 0 186 0 200.8v10.62l96 69.37V96h320v184.7l96-69.37V200.8C512 186 505.3 172 493.6 163zM176 255.1h160c8.836 0 16-7.164 16-15.1c0-8.838-7.164-16-16-16h-160c-8.836 0-16 7.162-16 16C160 248.8 167.2 255.1 176 255.1zM176 191.1h160c8.836 0 16-7.164 16-16c0-8.838-7.164-15.1-16-15.1h-160c-8.836 0-16 7.162-16 15.1C160 184.8 167.2 191.1 176 191.1z\"><\/path><\/svg><\/span><span class=\"uagb-icon-list__label\"><strong>reservas@granhotelcostadelsol.com<\/strong><\/span><\/div>\n\n\n\n<div class=\"wp-block-uagb-icon-list-child uagb-block-b6a8ab08\"><span class=\"uagb-icon-list__source-wrap\"><svg xmlns=\"https:\/\/www.w3.org\/2000\/svg\" viewbox=\"0 0 512 512\"><path d=\"M256 512C114.6 512 0 397.4 0 256C0 114.6 114.6 0 256 0C397.4 0 512 114.6 512 256C512 397.4 397.4 512 256 512zM232 256C232 264 236 271.5 242.7 275.1L338.7 339.1C349.7 347.3 364.6 344.3 371.1 333.3C379.3 322.3 376.3 307.4 365.3 300L280 243.2V120C280 106.7 269.3 96 255.1 96C242.7 96 231.1 106.7 231.1 120L232 256z\"><\/path><\/svg><\/span><span class=\"uagb-icon-list__label\"><strong>Ouvert tous les jours de 17h30 \u00e0 24h00<\/strong><\/span><\/div>\n\n\n\n<div class=\"wp-block-uagb-icon-list-child uagb-block-4efacfb6\"><a target=\"_blank\" aria-label=\"Ubicaci&#xF3;n Terraza El Terral\" rel=\"noopener noreferrer\" href=\"https:\/\/www.google.com\/maps\/place\/\/data=!4m2!3m1!1s0xd731f248ead3b0f:0xde89651bbe2a60a7?sa=X&amp;ved=1t:8290&amp;ictx=111\"> <\/a><span class=\"uagb-icon-list__source-wrap\"><svg xmlns=\"https:\/\/www.w3.org\/2000\/svg\" viewbox=\"0 0 576 512\"><path d=\"M408 120C408 174.6 334.9 271.9 302.8 311.1C295.1 321.6 280.9 321.6 273.2 311.1C241.1 271.9 168 174.6 168 120C168 53.73 221.7 0 288 0C354.3 0 408 53.73 408 120zM288 152C310.1 152 328 134.1 328 112C328 89.91 310.1 72 288 72C265.9 72 248 89.91 248 112C248 134.1 265.9 152 288 152zM425.6 179.8C426.1 178.6 426.6 177.4 427.1 176.1L543.1 129.7C558.9 123.4 576 135 576 152V422.8C576 432.6 570 441.4 560.9 445.1L416 503V200.4C419.5 193.5 422.7 186.7 425.6 179.8zM150.4 179.8C153.3 186.7 156.5 193.5 160 200.4V451.8L32.91 502.7C17.15 508.1 0 497.4 0 480.4V209.6C0 199.8 5.975 190.1 15.09 187.3L137.6 138.3C140 152.5 144.9 166.6 150.4 179.8H150.4zM327.8 331.1C341.7 314.6 363.5 286.3 384 255V504.3L192 449.4V255C212.5 286.3 234.3 314.6 248.2 331.1C268.7 357.6 307.3 357.6 327.8 331.1L327.8 331.1z\"><\/path><\/svg><\/span><span class=\"uagb-icon-list__label\"><strong>Emplacement Terraza El Terral<\/strong><\/span><\/div>\n<\/div><\/div>\n<\/div>\n<\/div>\n\n\n\n<div class=\"wp-block-column is-layout-flow wp-block-column-is-layout-flow\" style=\"flex-basis:50%\">\n<div class=\"wp-block-group has-gh-dark-blue-color has-gh-yellow-background-color has-text-color has-background has-link-color wp-elements-9945c710fa7358b5031622473d99e730 is-layout-constrained wp-container-core-group-is-layout-af81f691 wp-block-group-is-layout-constrained\" style=\"padding-top:var(--wp--preset--spacing--50);padding-right:var(--wp--preset--spacing--50);padding-bottom:var(--wp--preset--spacing--50);padding-left:var(--wp--preset--spacing--50)\">\n<p class=\"is-style-lead has-gh-dark-blue-color has-text-color has-link-color wp-elements-79980b29ef00579d4ee5e560674bb998\" style=\"margin-right:0;margin-left:0\">Voyez ci-dessous tous les services de la terrasse chill out et rappelez-vous que nous sommes ouverts depuis le 12 mai&#8230; Ne manquez pas cette occasion !<\/p>\n<\/div>\n<\/div>\n<\/div>\n<\/div>\n\n<div style=\"height:32px\" aria-hidden=\"true\" class=\"wp-block-spacer\"><\/div>\n\n<h2 class=\"wp-block-heading has-text-align-center is-style-heading-3 has-gh-dark-blue-color has-text-color has-link-color wp-elements-4c39500982f62d810a91587fefe4d4c5\"><mark style=\"background-color:rgba(0, 0, 0, 0)\" class=\"has-inline-color has-gh-yellow-color\">Services<\/mark> El Terral Rooftop*<\/h2>\n\n<div class=\"wp-block-group alignfull is-style-section-full is-layout-constrained wp-block-group-is-layout-constrained\">\n<div class=\"wp-block-columns is-layout-flex wp-container-core-columns-is-layout-9d6595d7 wp-block-columns-is-layout-flex\">\n<div class=\"wp-block-column is-layout-flow wp-block-column-is-layout-flow\" style=\"flex-basis:25%\">\n<div class=\"wp-block-uagb-info-box uagb-block-ae56dcd8 uagb-infobox__content-wrap  uagb-infobox-icon-above-title uagb-infobox-image-valign-top\"><div class=\"uagb-ifb-content\"><div class=\"uagb-ifb-icon-wrap\"><svg xmlns=\"https:\/\/www.w3.org\/2000\/svg\" viewbox=\"0 0 320 512\"><path d=\"M224 0C237.3-.0003 248 10.74 248 23.1C248 37.25 237.3 47.1 224 48L216 48V140.9C258.6 161.6 288 205.4 288 256V448C288 483.3 259.3 512 224 512H96C60.65 512 32 483.3 32 448V256C32 205.4 61.37 161.6 104 140.9V48L96 48C82.75 48 72 37.26 72 24C71.1 10.75 82.74 .0045 95.1 .0042L224 0zM160 384C186.5 384 208 368 208 336C208 304 160 256 160 256C160 256 112 304 112 336C112 362.5 133.5 384 160 384z\"><\/path><\/svg><\/div><div class=\"uagb-ifb-title-wrap\"><h3 class=\"uagb-ifb-title\">Une carte de cocktails tr\u00e8s compl\u00e8te<\/h3><\/div><\/div><\/div>\n<\/div>\n\n\n\n<div class=\"wp-block-column is-layout-flow wp-block-column-is-layout-flow\" style=\"flex-basis:25%\">\n<div class=\"wp-block-uagb-info-box uagb-block-9c00175e uagb-infobox__content-wrap  uagb-infobox-icon-above-title uagb-infobox-image-valign-top\"><div class=\"uagb-ifb-content\"><div class=\"uagb-ifb-icon-wrap\"><svg xmlns=\"https:\/\/www.w3.org\/2000\/svg\" viewbox=\"0 0 576 512\"><path d=\"M96 128C96.53 128 97.07 128 97.6 128C105 91.49 137.3 64 176 64C190.1 64 204.1 68.1 216.9 75.25C230.2 49.55 257.1 32 288 32C318.9 32 345.8 49.56 359.1 75.25C371 68.1 385 64 400 64C438.7 64 470.1 91.49 478.4 128C478.9 128 479.5 128 480 128C515.3 128 544 156.7 544 192C544 203.7 540.9 214.6 535.4 224H40.56C35.12 214.6 32 203.7 32 192C32 156.7 60.65 128 96 128H96zM16 283.4C16 268.3 28.28 256 43.43 256H532.6C547.7 256 560 268.3 560 283.4C560 356.3 512.6 418.2 446.9 439.8C447.6 442.4 448 445.2 448 448C448 465.7 433.7 480 416 480H160C142.3 480 128 465.7 128 448C128 445.2 128.4 442.4 129.1 439.8C63.4 418.2 16 356.3 16 283.4H16z\"><\/path><\/svg><\/div><div class=\"uagb-ifb-title-wrap\"><h3 class=\"uagb-ifb-title\">Snack Bar<\/h3><\/div><\/div><\/div>\n<\/div>\n\n\n\n<div class=\"wp-block-column is-layout-flow wp-block-column-is-layout-flow\" style=\"flex-basis:25%\">\n<div class=\"wp-block-uagb-info-box uagb-block-971f2461 uagb-infobox__content-wrap  uagb-infobox-icon-above-title uagb-infobox-image-valign-top\"><div class=\"uagb-ifb-content\"><div class=\"uagb-ifb-icon-wrap\"><svg xmlns=\"https:\/\/www.w3.org\/2000\/svg\" viewbox=\"0 0 512 512\"><path d=\"M511.1 367.1c0 44.18-42.98 80-95.1 80s-95.1-35.82-95.1-79.1c0-44.18 42.98-79.1 95.1-79.1c11.28 0 21.95 1.92 32.01 4.898V148.1L192 224l-.0023 208.1C191.1 476.2 149 512 95.1 512S0 476.2 0 432c0-44.18 42.98-79.1 95.1-79.1c11.28 0 21.95 1.92 32 4.898V126.5c0-12.97 10.06-26.63 22.41-30.52l319.1-94.49C472.1 .6615 477.3 0 480 0c17.66 0 31.97 14.34 32 31.99L511.1 367.1z\"><\/path><\/svg><\/div><div class=\"uagb-ifb-title-wrap\"><h3 class=\"uagb-ifb-title\">Musique d&rsquo;ambiance et zone de d\u00e9tente<\/h3><\/div><\/div><\/div>\n<\/div>\n\n\n\n<div class=\"wp-block-column is-layout-flow wp-block-column-is-layout-flow\" style=\"flex-basis:25%\">\n<div class=\"wp-block-uagb-info-box uagb-block-8ed040e8 uagb-infobox__content-wrap  uagb-infobox-icon-above-title uagb-infobox-image-valign-top\"><div class=\"uagb-ifb-content\"><div class=\"uagb-ifb-icon-wrap\"><svg xmlns=\"https:\/\/www.w3.org\/2000\/svg\" viewbox=\"0 0 640 512\"><path d=\"M639.4 433.6c-8.374-20.37-31.75-30.12-52.12-21.62l-22.12 9.249l-38.75-101.1c47.87-34.1 64.87-100.2 34.5-152.7l-86.62-150.5c-7.999-13.87-24.1-19.75-39.1-13.62l-114.2 47.37L205.8 2.415C190.8-3.71 173.8 2.165 165.8 16.04L79.15 166.5C48.9 219 65.78 284.3 113.6 319.2l-38.75 101.9L52.78 411.9c-20.37-8.499-43.62 1.25-52.12 21.62c-1.75 4.124 .125 8.749 4.25 10.5l162.4 67.37c3.1 1.75 8.624-.125 10.37-4.249c8.374-20.37-1.25-43.87-21.62-52.37l-22.12-9.124l39.37-103.6c4.5 .4999 8.874 1.25 13.12 1.25c51.75 0 99.37-32.1 113.4-85.24l20.25-75.36l20.25 75.36c13.1 52.24 61.62 85.24 113.4 85.24c4.25 0 8.624-.7499 13.12-1.25l39.25 103.6l-22.12 9.124c-20.37 8.499-30.12 31.1-21.62 52.37c1.75 4.124 6.5 5.999 10.5 4.249l162.4-67.37C639.1 442.2 641.1 437.7 639.4 433.6zM275.9 162.1L163.8 115.6l36.5-63.37L294.8 91.4L275.9 162.1zM364.1 162.1l-18.87-70.74l94.49-39.12l36.5 63.37L364.1 162.1z\"><\/path><\/svg><\/div><div class=\"uagb-ifb-title-wrap\"><h3 class=\"uagb-ifb-title\">Spectacles en soir\u00e9e<\/h3><\/div><\/div><\/div>\n<\/div>\n<\/div>\n<\/div>\n\n<p class=\"has-text-align-center is-style-general-text has-small-font-size\">* Le service, les produits et les boissons de la Terraza El Terral ne sont inclus dans aucun type d&rsquo;h\u00e9bergement pour les clients du Gran Hotel Costa del Sol.<\/p>\n\n<div style=\"height:32px\" aria-hidden=\"true\" class=\"wp-block-spacer\"><\/div>\n\n<div class=\"wp-block-group alignfull is-style-section-full is-layout-constrained wp-block-group-is-layout-constrained\">\n<div class=\"wp-block-group is-style-section-container is-layout-constrained wp-block-group-is-layout-constrained\">\n<h2 class=\"wp-block-heading has-text-align-center is-style-heading-3 has-gh-dark-blue-color has-text-color has-link-color wp-elements-20cb196b7def10764f6101052e3eef43\">Entrer dans <mark style=\"background-color:rgba(0, 0, 0, 0)\" class=\"has-inline-color has-gh-yellow-color\">El Terral<\/mark><\/h2>\n\n\n\n<div class=\"wp-block-uagb-slider uagb-block-1db4fb74 uagb-slider-container\"><div class=\"uagb-slides uagb-swiper\"><div class=\"swiper-wrapper\">\n<div class=\"wp-block-uagb-slider-child uagb-slider-child-wrap swiper-slide uagb-block-3bd43178\"><div class=\"swiper-content\">\n<div class=\"wp-block-uagb-container uagb-block-c28ebe07 alignfull uagb-is-root-container\"><div class=\"uagb-container-inner-blocks-wrap\">\n<figure class=\"wp-block-image size-large\"><img decoding=\"async\" width=\"1024\" height=\"683\" src=\"https:\/\/granhotelcostadelsol.test\/wp-content\/uploads\/2024\/09\/Chill-Out-4.redimensionado-1024x683.jpg\" alt=\"Terrasse Chill Out Gran Hotel Costa del Sol\" class=\"wp-image-589\" style=\"aspect-ratio:16\/9;object-fit:cover\" srcset=\"https:\/\/granhotelcostadelsol.com\/wp-content\/uploads\/2024\/09\/Chill-Out-4.redimensionado-1024x683.jpg 1024w, https:\/\/granhotelcostadelsol.com\/wp-content\/uploads\/2024\/09\/Chill-Out-4.redimensionado-300x200.jpg 300w, https:\/\/granhotelcostadelsol.com\/wp-content\/uploads\/2024\/09\/Chill-Out-4.redimensionado-768x512.jpg 768w, https:\/\/granhotelcostadelsol.com\/wp-content\/uploads\/2024\/09\/Chill-Out-4.redimensionado-1536x1024.jpg 1536w, https:\/\/granhotelcostadelsol.com\/wp-content\/uploads\/2024\/09\/Chill-Out-4.redimensionado-2048x1365.jpg 2048w\" sizes=\"(max-width: 1024px) 100vw, 1024px\" \/><\/figure>\n<\/div><\/div>\n<\/div><\/div>\n\n\n\n<div class=\"wp-block-uagb-slider-child uagb-slider-child-wrap swiper-slide uagb-block-1f0af9b0\"><div class=\"swiper-content\">\n<div class=\"wp-block-uagb-container uagb-block-afdd6bd1 alignfull uagb-is-root-container\"><div class=\"uagb-container-inner-blocks-wrap\">\n<figure class=\"wp-block-image size-large\"><img decoding=\"async\" width=\"1024\" height=\"683\" src=\"https:\/\/granhotelcostadelsol.test\/wp-content\/uploads\/2024\/09\/Chill-Out-5.redimensionado-1024x683.jpg\" alt=\"Chill Out palmiers Gran Hotel Costa del Sol\" class=\"wp-image-590\" style=\"aspect-ratio:16\/9;object-fit:cover\" srcset=\"https:\/\/granhotelcostadelsol.com\/wp-content\/uploads\/2024\/09\/Chill-Out-5.redimensionado-1024x683.jpg 1024w, https:\/\/granhotelcostadelsol.com\/wp-content\/uploads\/2024\/09\/Chill-Out-5.redimensionado-300x200.jpg 300w, https:\/\/granhotelcostadelsol.com\/wp-content\/uploads\/2024\/09\/Chill-Out-5.redimensionado-768x512.jpg 768w, https:\/\/granhotelcostadelsol.com\/wp-content\/uploads\/2024\/09\/Chill-Out-5.redimensionado-1536x1024.jpg 1536w, https:\/\/granhotelcostadelsol.com\/wp-content\/uploads\/2024\/09\/Chill-Out-5.redimensionado-2048x1365.jpg 2048w\" sizes=\"(max-width: 1024px) 100vw, 1024px\" \/><\/figure>\n<\/div><\/div>\n<\/div><\/div>\n\n\n\n<div class=\"wp-block-uagb-slider-child uagb-slider-child-wrap swiper-slide uagb-block-5484e9ad\"><div class=\"swiper-content\">\n<div class=\"wp-block-uagb-container uagb-block-f28f76e4 alignfull uagb-is-root-container\"><div class=\"uagb-container-inner-blocks-wrap\">\n<figure class=\"wp-block-image size-large\"><img decoding=\"async\" width=\"1024\" height=\"683\" src=\"https:\/\/granhotelcostadelsol.test\/wp-content\/uploads\/2024\/09\/Chill-Out-3.redimensionado-1024x683.jpg\" alt=\"Coucher de soleil au Gran Hotel Costa del Sol\" class=\"wp-image-588\" style=\"aspect-ratio:16\/9;object-fit:cover\" srcset=\"https:\/\/granhotelcostadelsol.com\/wp-content\/uploads\/2024\/09\/Chill-Out-3.redimensionado-1024x683.jpg 1024w, https:\/\/granhotelcostadelsol.com\/wp-content\/uploads\/2024\/09\/Chill-Out-3.redimensionado-300x200.jpg 300w, https:\/\/granhotelcostadelsol.com\/wp-content\/uploads\/2024\/09\/Chill-Out-3.redimensionado-768x512.jpg 768w, https:\/\/granhotelcostadelsol.com\/wp-content\/uploads\/2024\/09\/Chill-Out-3.redimensionado-1536x1024.jpg 1536w, https:\/\/granhotelcostadelsol.com\/wp-content\/uploads\/2024\/09\/Chill-Out-3.redimensionado-2048x1365.jpg 2048w\" sizes=\"(max-width: 1024px) 100vw, 1024px\" \/><\/figure>\n<\/div><\/div>\n<\/div><\/div>\n\n\n\n<div class=\"wp-block-uagb-slider-child uagb-slider-child-wrap swiper-slide uagb-block-999b3818\"><div class=\"swiper-content\">\n<div class=\"wp-block-uagb-container uagb-block-19896990 alignfull uagb-is-root-container\"><div class=\"uagb-container-inner-blocks-wrap\">\n<figure class=\"wp-block-image size-large\"><img decoding=\"async\" width=\"1024\" height=\"683\" src=\"https:\/\/granhotelcostadelsol.test\/wp-content\/uploads\/2024\/09\/Chill-Out-1.redimensionado-1024x683.jpg\" alt=\"Chill Out Gran Hotel Costa del Sol\" class=\"wp-image-586\" style=\"aspect-ratio:16\/9;object-fit:cover\" srcset=\"https:\/\/granhotelcostadelsol.com\/wp-content\/uploads\/2024\/09\/Chill-Out-1.redimensionado-1024x683.jpg 1024w, https:\/\/granhotelcostadelsol.com\/wp-content\/uploads\/2024\/09\/Chill-Out-1.redimensionado-300x200.jpg 300w, https:\/\/granhotelcostadelsol.com\/wp-content\/uploads\/2024\/09\/Chill-Out-1.redimensionado-768x512.jpg 768w, https:\/\/granhotelcostadelsol.com\/wp-content\/uploads\/2024\/09\/Chill-Out-1.redimensionado-1536x1024.jpg 1536w, https:\/\/granhotelcostadelsol.com\/wp-content\/uploads\/2024\/09\/Chill-Out-1.redimensionado-2048x1365.jpg 2048w\" sizes=\"(max-width: 1024px) 100vw, 1024px\" \/><\/figure>\n<\/div><\/div>\n<\/div><\/div>\n<\/div><\/div><div class=\"swiper-pagination\"><\/div><div class=\"swiper-button-prev\"><\/div><div class=\"swiper-button-next\"><\/div><\/div>\n\n\n\n<div style=\"height:32px\" aria-hidden=\"true\" class=\"wp-block-spacer\"><\/div>\n<\/div>\n<\/div>\n","protected":false},"excerpt":{"rendered":"<p>D\u00e9couvrez notre terrasse Chill Out Nous vous invitons \u00e0 visiter El Terral, la Terrasse Chill-Out du Gran Hotel Costa del Sol, un espace o\u00f9 les clients les plus exigeants peuvent vivre des exp\u00e9riences incroyables. Un petit coin o\u00f9 vous pouvez c\u00e9l\u00e9brer n&rsquo;importe quel \u00e9v\u00e9nement, o\u00f9 vous pouvez vous \u00e9vader et d\u00e9guster un cocktail p\u00e9tillant. \u00cates-vous<a href=\"https:\/\/granhotelcostadelsol.com\/fr\/terrasse-chill-out-a-cala-de-mijas\/\">Continue reading <span class=\"sr-only\">\u00ab\u00a0Terrasse El Terral Cala de Mijas\u00a0\u00bb<\/span><\/a><\/p>\n","protected":false},"author":2,"featured_media":0,"parent":0,"menu_order":0,"comment_status":"closed","ping_status":"closed","template":"","meta":{"_acf_changed":false,"inline_featured_image":false,"_uag_custom_page_level_css":"","footnotes":""},"class_list":["post-1215","page","type-page","status-publish","hentry"],"acf":[],"uagb_featured_image_src":{"full":false,"thumbnail":false,"medium":false,"medium_large":false,"large":false,"1536x1536":false,"2048x2048":false},"uagb_author_info":{"display_name":"@nubeseo","author_link":"https:\/\/granhotelcostadelsol.com\/fr\/author\/nubeseo\/"},"uagb_comment_info":0,"uagb_excerpt":"D\u00e9couvrez notre terrasse Chill Out Nous vous invitons \u00e0 visiter El Terral, la Terrasse Chill-Out du Gran Hotel Costa del Sol, un espace o\u00f9 les clients les plus exigeants peuvent vivre des exp\u00e9riences incroyables. Un petit coin o\u00f9 vous pouvez c\u00e9l\u00e9brer n&rsquo;importe quel \u00e9v\u00e9nement, o\u00f9 vous pouvez vous \u00e9vader et d\u00e9guster un cocktail p\u00e9tillant. \u00cates-vousContinue\u2026","_links":{"self":[{"href":"https:\/\/granhotelcostadelsol.com\/fr\/wp-json\/wp\/v2\/pages\/1215","targetHints":{"allow":["GET"]}}],"collection":[{"href":"https:\/\/granhotelcostadelsol.com\/fr\/wp-json\/wp\/v2\/pages"}],"about":[{"href":"https:\/\/granhotelcostadelsol.com\/fr\/wp-json\/wp\/v2\/types\/page"}],"author":[{"embeddable":true,"href":"https:\/\/granhotelcostadelsol.com\/fr\/wp-json\/wp\/v2\/users\/2"}],"replies":[{"embeddable":true,"href":"https:\/\/granhotelcostadelsol.com\/fr\/wp-json\/wp\/v2\/comments?post=1215"}],"version-history":[{"count":5,"href":"https:\/\/granhotelcostadelsol.com\/fr\/wp-json\/wp\/v2\/pages\/1215\/revisions"}],"predecessor-version":[{"id":3264,"href":"https:\/\/granhotelcostadelsol.com\/fr\/wp-json\/wp\/v2\/pages\/1215\/revisions\/3264"}],"wp:attachment":[{"href":"https:\/\/granhotelcostadelsol.com\/fr\/wp-json\/wp\/v2\/media?parent=1215"}],"curies":[{"name":"wp","href":"https:\/\/api.w.org\/{rel}","templated":true}]}}