{"id":1118,"date":"2024-09-09T15:51:18","date_gmt":"2024-09-09T13:51:18","guid":{"rendered":"https:\/\/granhotelcostadelsol.nubedev.es\/offres-hotel-costa-del-sol-a-mijas-costa\/"},"modified":"2025-04-08T09:50:13","modified_gmt":"2025-04-08T07:50:13","slug":"offres-hotel-costa-del-sol-a-mijas-costa","status":"publish","type":"page","link":"https:\/\/granhotelcostadelsol.com\/fr\/offres-hotel-costa-del-sol-a-mijas-costa\/","title":{"rendered":"Offres H\u00f4tel Costa del Sol \u00e0 Mijas Costa"},"content":{"rendered":"\n<div class=\"wp-block-group alignfull is-style-section-full is-layout-flow wp-block-group-is-layout-flow\">\n<h2 class=\"wp-block-heading has-text-align-center is-style-heading-4 has-gh-dark-blue-color has-text-color has-link-color wp-elements-3df8a80028b87f7886bbf56ddea7b38b\">Nos <mark style=\"background-color:rgba(0, 0, 0, 0)\" class=\"has-inline-color has-gh-yellow-color\">promotions<\/mark> au Gran Hotel Costa del Sol<\/h2>\n\n\n                <section class=\"max-w-screen-xl mx-auto p-8 lg:p-16 not-prose\">\n                    <div class=\"w-full\">\n                        <div class=\"grid grid-cols-1 md:grid-cols-2 gap-4 lg:gap-8\">\n                                                            <article class=\"rounded-lg shadow-lg bg-gh-dark-blue\">\n    <img decoding=\"async\" src=\"https:\/\/granhotelcostadelsol.com\/wp-content\/uploads\/2024\/11\/Oferta-Primavera-GHCS-800-x-450-px-1.jpg\" alt=\"10% off\" height=\"450\"\n        width=\"800\" class=\"w-full h-48 lg:h-80 object-cover rounded-t-sm\" \/>\n    <div class=\"flex flex-col items-center p-4 xl:p-8 text-center\">\n        <h3 class=\"text-white text-lg lg:text-2xl mb-2\">Offre de printemps : 10 % de r\u00e9duction suppl\u00e9mentaire sur tous les tarifs<\/h3>\n        <div class=\"text-white prose prose-xs text-xs lg:prose-sm\"><p>Profitez d&rsquo;une <strong>REMISE SUPPL\u00c9MENTAIRE de 10%<\/strong> sur tous les tarifs et \u00e9vadez-vous pour profiter du soleil, de la plage et de moments inoubliables en famille du 1er mars au 31 mai.<\/p>\n<p>Venez passer le printemps sur la Costa del Sol avec nous!<\/p>\n<p><strong>R\u00e9servez d\u00e8s maintenant!<\/strong><\/p>\n<\/div>\n        <a href=\"https:\/\/booking.profitroom.com\/fr\/granhotelcostadelsol\/home?currency=EUR&amp;no-cache=1\" class=\"gh-button-yellow mt-4 lg:mt-8\" target=\"_blank\" rel=\"noopener\">\n            R\u00e9servez cette offre!        <\/a>\n    <\/div>\n<\/article>                                                            <article class=\"rounded-lg shadow-lg bg-gh-dark-blue\">\n    <img decoding=\"async\" src=\"https:\/\/granhotelcostadelsol.com\/wp-content\/uploads\/2024\/10\/todo-incluido.redimensionado.webp\" alt=\"todo incluido hotel\" height=\"577\"\n        width=\"1024\" class=\"w-full h-48 lg:h-80 object-cover rounded-t-sm\" \/>\n    <div class=\"flex flex-col items-center p-4 xl:p-8 text-center\">\n        <h3 class=\"text-white text-lg lg:text-2xl mb-2\">Offre tout compris non remboursable<\/h3>\n        <div class=\"text-white prose prose-xs text-xs lg:prose-sm\"><p><span style=\"font-weight: 400;\">Ne vous inqui\u00e9tez plus ! Notre formule All Inclusive est faite pour vous.  <\/span><\/p>\n<p><span style=\"font-weight: 400;\">R\u00e9servez d\u00e8s maintenant notre meilleur prix et profitez de l&rsquo;offre All Inclusive sans soucis. Vivez vos meilleures vacances sur le front de mer de la Costa del Sol.   <\/span><\/p>\n<\/div>\n        <a href=\"https:\/\/booking.profitroom.com\/fr\/granhotelcostadelsol\/details\/offer\/594645?no-cache=1\u00a4cy=EUR\" class=\"gh-button-yellow mt-4 lg:mt-8\" target=\"_blank\" rel=\"noopener\">\n            R\u00e9servez cette offre!        <\/a>\n    <\/div>\n<\/article>                                                            <article class=\"rounded-lg shadow-lg bg-gh-dark-blue\">\n    <img decoding=\"async\" src=\"https:\/\/granhotelcostadelsol.com\/wp-content\/uploads\/2024\/10\/larga-estancia.redimensionado.webp\" alt=\"\" height=\"683\"\n        width=\"1024\" class=\"w-full h-48 lg:h-80 object-cover rounded-t-sm\" \/>\n    <div class=\"flex flex-col items-center p-4 xl:p-8 text-center\">\n        <h3 class=\"text-white text-lg lg:text-2xl mb-2\">Tarif long s\u00e9jour<\/h3>\n        <div class=\"text-white prose prose-xs text-xs lg:prose-sm\"><p><b>Notre meilleur prix pour que vous restiez plus de nuits avec nous.<\/b><\/p>\n<p><span style=\"font-weight: 400;\">Venez pour 7 nuits ou plus et nous vous offrons une r\u00e9duction sp\u00e9ciale. Nous aimons que vous restiez plus longtemps avec nous. Tarif avec petit-d\u00e9jeuner et d\u00eener inclus. <\/span><\/p>\n<\/div>\n        <a href=\"https:\/\/booking.profitroom.com\/fr\/granhotelcostadelsol\/details\/offer\/594651?no-cache=1&amp;currency=EUR\" class=\"gh-button-yellow mt-4 lg:mt-8\" target=\"_blank\" rel=\"noopener\">\n            R\u00e9servez cette offre!        <\/a>\n    <\/div>\n<\/article>                                                            <article class=\"rounded-lg shadow-lg bg-gh-dark-blue\">\n    <img decoding=\"async\" src=\"https:\/\/granhotelcostadelsol.com\/wp-content\/uploads\/2024\/10\/flexible-desayuno.redimensionado.webp\" alt=\"\" height=\"577\"\n        width=\"1024\" class=\"w-full h-48 lg:h-80 object-cover rounded-t-sm\" \/>\n    <div class=\"flex flex-col items-center p-4 xl:p-8 text-center\">\n        <h3 class=\"text-white text-lg lg:text-2xl mb-2\">Tarif flexible avec petit d\u00e9jeuner<\/h3>\n        <div class=\"text-white prose prose-xs text-xs lg:prose-sm\"><p><span style=\"font-weight: 400;\">R\u00e9servez d\u00e8s maintenant notre meilleur prix avec petit-d\u00e9jeuner inclus et annulation gratuite!<\/span><\/p>\n<p><b>Garantie du meilleur prix<\/b><\/p>\n<\/div>\n        <a href=\"https:\/\/booking.profitroom.com\/fr\/granhotelcostadelsol\/details\/offer\/590243?no-cache=1&amp;currency=EUR\" class=\"gh-button-yellow mt-4 lg:mt-8\" target=\"_blank\" rel=\"noopener\">\n            R\u00e9servez cette offre!        <\/a>\n    <\/div>\n<\/article>                                                    <\/div>\n                    <\/div>\n                <\/section>\n            \n\n\n\n<div class=\"wp-block-group is-layout-constrained wp-block-group-is-layout-constrained\">\n<p class=\"has-text-align-center is-style-general-text has-medium-font-size\">Offres d&rsquo;h\u00f4tels \u00e0 Mijas Costa (Costa del Sol) <a href=\"https:\/\/granhotelcostadelsol.com\/fr\/\">Gran Hotel Costa del Sol,<\/a> avec une vue unique sur la plage en raison de son emplacement. Profitez de <strong>nos promotions et offres de derni\u00e8re minute<\/strong>. Des offres tout compris aux r\u00e9ductions exclusives pour r\u00e9server avec nous.  <\/p>\n<\/div>\n\n\n\n<div style=\"height:24px\" aria-hidden=\"true\" class=\"wp-block-spacer\"><\/div>\n\n\n\n<div class=\"wp-block-buttons is-content-justification-center is-layout-flex wp-container-core-buttons-is-layout-16018d1d wp-block-buttons-is-layout-flex\">\n<div class=\"wp-block-button is-style-primary-outline button-offer\"><a class=\"wp-block-button__link has-text-align-center wp-element-button\">VOIR LES OFFRES DE GRAN HOTEL COSTA DEL SOL<\/a><\/div>\n<\/div>\n\n\n\n<div style=\"height:24px\" aria-hidden=\"true\" class=\"wp-block-spacer\"><\/div>\n<\/div>\n\n\n\n<div class=\"wp-block-group alignfull is-style-section-full is-layout-constrained wp-block-group-is-layout-constrained\">\n<div class=\"wp-block-group is-style-section-container is-layout-constrained wp-block-group-is-layout-constrained\">\n<h2 class=\"wp-block-heading has-text-align-center is-style-heading-4 has-gh-dark-blue-color has-text-color has-link-color wp-elements-a83427d41118c0bd0ff647260b9d0fe2\"><mark style=\"background-color:rgba(0, 0, 0, 0)\" class=\"has-inline-color has-gh-yellow-color\">Offres d&rsquo;<\/mark> h\u00f4tels \u00e0 Cala Mijas<\/h2>\n\n\n\n<p class=\"has-text-align-center is-style-general-text has-medium-font-size\">Trouvez le prix le plus bas, avec nos promotions, depuis notre site officiel.\nNe manquez pas l&rsquo;occasion de profiter des plages de La Cala de Mijas au meilleur prix. <\/p>\n\n\n\n<p class=\"has-text-align-center is-style-general-text has-medium-font-size\">Dans notre <strong><a href=\"https:\/\/granhotelcostadelsol.com\/fr\/hotel-4-etoiles-a-mijas-costa\/\"><mark style=\"background-color:rgba(0, 0, 0, 0)\" class=\"has-inline-color has-gh-dark-blue-color\">h\u00f4tel 4 \u00e9toiles \u00e0 La Cala de Mijas<\/mark><\/a><\/strong>, nous vous proposons une s\u00e9lection d&rsquo;offres exclusives pour que vous puissiez profiter de la <a href=\"https:\/\/granhotelcostadelsol.com\/fr\/blog-sur-la-costa-del-sol\/\">Costa del Sol<\/a> au meilleur prix. Que vous planifiiez vos vacances \u00e0 l&rsquo;avance ou que vous recherchiez une promotion de derni\u00e8re minute, nous avons l&rsquo;option parfaite pour vous. <\/p>\n\n\n\n<div style=\"height:24px\" aria-hidden=\"true\" class=\"wp-block-spacer\"><\/div>\n<\/div>\n<\/div>\n\n\n\n<div class=\"wp-block-group alignfull is-style-section-full is-layout-constrained wp-block-group-is-layout-constrained\">\n<figure class=\"wp-block-image size-large\"><img decoding=\"async\" width=\"1024\" height=\"72\" src=\"https:\/\/granhotelcostadelsol.com\/wp-content\/uploads\/2024\/09\/separator-yellow-1024x72.png\" alt=\"separador amarillo\" class=\"wp-image-852\" srcset=\"https:\/\/granhotelcostadelsol.com\/wp-content\/uploads\/2024\/09\/separator-yellow-1024x72.png 1024w, https:\/\/granhotelcostadelsol.com\/wp-content\/uploads\/2024\/09\/separator-yellow-300x21.png 300w, https:\/\/granhotelcostadelsol.com\/wp-content\/uploads\/2024\/09\/separator-yellow-768x54.png 768w, https:\/\/granhotelcostadelsol.com\/wp-content\/uploads\/2024\/09\/separator-yellow.png 1478w\" sizes=\"(max-width: 1024px) 100vw, 1024px\" \/><\/figure>\n<\/div>\n\n\n\n<div class=\"wp-block-group alignfull is-style-section-full is-layout-constrained wp-block-group-is-layout-constrained\">\n<div class=\"wp-block-group is-style-section-container is-layout-constrained wp-block-group-is-layout-constrained\">\n<h3 class=\"wp-block-heading has-text-align-center is-style-heading-4 has-gh-dark-blue-color has-text-color has-link-color has-large-font-size wp-elements-c783dbb2470e36056892d72ccf16b783\">Promotion all-inclusive de derni\u00e8re minute sur la Costa del Sol<\/h3>\n\n\n\n<p class=\"has-text-align-center is-style-general-text has-medium-font-size\">Vivez une exp\u00e9rience compl\u00e8te avec nos offres <strong><a href=\"https:\/\/granhotelcostadelsol.com\/fr\/hotel-tout-compris-sur-la-costa-del-sol\/\"><mark style=\"background-color:rgba(0, 0, 0, 0)\" class=\"has-inline-color has-gh-yellow-color\">h\u00f4teli\u00e8res tout compris sur la Costa del Sol<\/mark><\/a>.<\/strong> D\u00e9tendez-vous en sachant que tout est couvert : de la gastronomie aux activit\u00e9s. Gr\u00e2ce \u00e0 nos promotions, vous aurez acc\u00e8s \u00e0 de nombreux services et commodit\u00e9s que notre h\u00f4tel a \u00e0 offrir.  <\/p>\n\n\n\n<div style=\"height:24px\" aria-hidden=\"true\" class=\"wp-block-spacer\"><\/div>\n<\/div>\n<\/div>\n\n\n\n<div class=\"wp-block-group alignfull is-layout-constrained wp-block-group-is-layout-constrained\">\n<div style=\"height:24px\" aria-hidden=\"true\" class=\"wp-block-spacer\"><\/div>\n\n\n\n<div class=\"wp-block-buttons alignfull is-content-justification-center is-layout-flex wp-container-core-buttons-is-layout-16018d1d wp-block-buttons-is-layout-flex\">\n<div class=\"wp-block-button is-style-primary-outline booking-button\"><a class=\"wp-block-button__link wp-element-button\">R\u00c9SERVER AU GRAN HOTEL COSTA DEL SOL<\/a><\/div>\n<\/div>\n\n\n\n<div style=\"height:24px\" aria-hidden=\"true\" class=\"wp-block-spacer\"><\/div>\n<\/div>\n\n\n\n<div class=\"wp-block-uagb-image aligncenter uagb-block-12ddf7b6 wp-block-uagb-image--layout-default wp-block-uagb-image--effect-static wp-block-uagb-image--align-center\"><figure class=\"wp-block-uagb-image__figure\"><img decoding=\"async\" srcset=\"https:\/\/granhotelcostadelsol.com\/wp-content\/uploads\/2024\/09\/Home-Hero.jpg ,https:\/\/granhotelcostadelsol.nubedev.es\/wp-content\/uploads\/2024\/09\/Home-Hero.jpg 780w, https:\/\/granhotelcostadelsol.nubedev.es\/wp-content\/uploads\/2024\/09\/Home-Hero.jpg 360w\" sizes=\"auto, (max-width: 480px) 150px\" src=\"https:\/\/granhotelcostadelsol.com\/wp-content\/uploads\/2024\/09\/Home-Hero.jpg\" alt=\"Gran Hotel Costa del Sol exterior\" class=\"uag-image-33\" width=\"1024\" height=\"474\" title=\"zona exterior Gran Hotel Costa del Sol\" loading=\"lazy\" role=\"img\"\/><\/figure><\/div>\n\n\n\n<div class=\"wp-block-group alignfull is-style-section-full is-layout-constrained wp-block-group-is-layout-constrained\">\n<div class=\"wp-block-group is-style-section-container is-layout-constrained wp-block-group-is-layout-constrained\">\n<h2 class=\"wp-block-heading has-text-align-center is-style-heading-4 has-gh-dark-blue-color has-text-color has-link-color wp-elements-2a42799fc7f62fe43322d4b3cf391f19\">R\u00e9servez votre h\u00f4tel \u00e0 Mijas<\/h2>\n\n\n\n<p class=\"has-text-align-center is-style-general-text has-medium-font-size\">Vous planifiez une escapade de derni\u00e8re minute? Jetez un \u0153il \u00e0 nos <strong>offres d\u2019h\u00f4tels de derni\u00e8re minute <\/strong>sur la Costa del Sol. Nous proposons des r\u00e9ductions sp\u00e9ciales pour ceux qui recherchent une escapade rapide sans sacrifier la qualit\u00e9. R\u00e9servez d\u00e8s aujourd&rsquo;hui et profitez d&rsquo;un s\u00e9jour inoubliable dans notre emplacement exclusif.   <\/p>\n\n\n\n<p class=\"has-text-align-center is-style-general-text has-medium-font-size\"><strong>R\u00e9servez d\u00e8s maintenant et profitez de vacances parfaites sur la Costa del Sol !<\/strong><\/p>\n\n\n\n<div style=\"height:24px\" aria-hidden=\"true\" class=\"wp-block-spacer\"><\/div>\n<\/div>\n<\/div>\n","protected":false},"excerpt":{"rendered":"<p>Nos promotions au Gran Hotel Costa del Sol Offres d&rsquo;h\u00f4tels \u00e0 Mijas Costa (Costa del Sol) Gran Hotel Costa del Sol, avec une vue unique sur la plage en raison de son emplacement. Profitez de nos promotions et offres de derni\u00e8re minute. Des offres tout compris aux r\u00e9ductions exclusives pour r\u00e9server avec nous. Offres d&rsquo;<a href=\"https:\/\/granhotelcostadelsol.com\/fr\/ns_simple_offers\/tarif-flexible-avec-petit-dejeuner\/\">Continue reading <span class=\"sr-only\">\u00ab\u00a0Tarif flexible avec petit d\u00e9jeuner\u00a0\u00bb<\/span><\/a><\/p>\n","protected":false},"author":1,"featured_media":0,"parent":0,"menu_order":0,"comment_status":"closed","ping_status":"closed","template":"","meta":{"_acf_changed":false,"inline_featured_image":false,"_uag_custom_page_level_css":"","footnotes":""},"class_list":["post-1118","page","type-page","status-publish","hentry"],"acf":[],"uagb_featured_image_src":{"full":false,"thumbnail":false,"medium":false,"medium_large":false,"large":false,"1536x1536":false,"2048x2048":false},"uagb_author_info":{"display_name":"maria@nubeseo.es","author_link":"https:\/\/granhotelcostadelsol.com\/fr\/author\/marianubeseo-es\/"},"uagb_comment_info":0,"uagb_excerpt":"Nos promotions au Gran Hotel Costa del Sol Offres d&rsquo;h\u00f4tels \u00e0 Mijas Costa (Costa del Sol) Gran Hotel Costa del Sol, avec une vue unique sur la plage en raison de son emplacement. Profitez de nos promotions et offres de derni\u00e8re minute. Des offres tout compris aux r\u00e9ductions exclusives pour r\u00e9server avec nous. Offres d&rsquo;Continue\u2026","_links":{"self":[{"href":"https:\/\/granhotelcostadelsol.com\/fr\/wp-json\/wp\/v2\/pages\/1118","targetHints":{"allow":["GET"]}}],"collection":[{"href":"https:\/\/granhotelcostadelsol.com\/fr\/wp-json\/wp\/v2\/pages"}],"about":[{"href":"https:\/\/granhotelcostadelsol.com\/fr\/wp-json\/wp\/v2\/types\/page"}],"author":[{"embeddable":true,"href":"https:\/\/granhotelcostadelsol.com\/fr\/wp-json\/wp\/v2\/users\/1"}],"replies":[{"embeddable":true,"href":"https:\/\/granhotelcostadelsol.com\/fr\/wp-json\/wp\/v2\/comments?post=1118"}],"version-history":[{"count":5,"href":"https:\/\/granhotelcostadelsol.com\/fr\/wp-json\/wp\/v2\/pages\/1118\/revisions"}],"predecessor-version":[{"id":2781,"href":"https:\/\/granhotelcostadelsol.com\/fr\/wp-json\/wp\/v2\/pages\/1118\/revisions\/2781"}],"wp:attachment":[{"href":"https:\/\/granhotelcostadelsol.com\/fr\/wp-json\/wp\/v2\/media?parent=1118"}],"curies":[{"name":"wp","href":"https:\/\/api.w.org\/{rel}","templated":true}]}}